{"id":385,"date":"2014-11-28T19:38:20","date_gmt":"2014-11-28T18:38:20","guid":{"rendered":"http:\/\/muehle-schweindorf.holtriem-news.de\/?page_id=385"},"modified":"2017-03-20T11:04:39","modified_gmt":"2017-03-20T10:04:39","slug":"muehlen-im-landkreis-wittmund","status":"publish","type":"page","link":"https:\/\/muehle-schweindorf.holtriem-news.de\/?page_id=385","title":{"rendered":"M\u00fchlen im Landkreis Wittmund"},"content":{"rendered":"<div id=\"attachment_386\" style=\"width: 160px\" class=\"wp-caption alignleft\"><a href=\"http:\/\/muehle-schweindorf.holtriem-news.de\/wp-content\/uploads\/2014\/11\/wtm_pel.jpg\"><img loading=\"lazy\" decoding=\"async\" aria-describedby=\"caption-attachment-386\" class=\"wp-image-386 size-thumbnail\" src=\"http:\/\/muehle-schweindorf.holtriem-news.de\/wp-content\/uploads\/2014\/11\/wtm_pel-150x150.jpg\" alt=\"&quot;Peldem\u00fchle&quot; in Wittmund\" width=\"150\" height=\"150\" srcset=\"https:\/\/muehle-schweindorf.holtriem-news.de\/wp-content\/uploads\/2014\/11\/wtm_pel-150x150.jpg 150w, https:\/\/muehle-schweindorf.holtriem-news.de\/wp-content\/uploads\/2014\/11\/wtm_pel-200x200.jpg 200w, https:\/\/muehle-schweindorf.holtriem-news.de\/wp-content\/uploads\/2014\/11\/wtm_pel.jpg 250w\" sizes=\"(max-width: 150px) 100vw, 150px\" \/><\/a><p id=\"caption-attachment-386\" class=\"wp-caption-text\">&#8222;Peldem\u00fchle&#8220; in Wittmund<\/p><\/div>\n<h3>&#8222;Peldem\u00fchle&#8220; in Wittmund<\/h3>\n<p>Esenser Stra\u00dfe 14, 26409 Wittmund<\/p>\n<p>Der einst\u00f6ckiger Galerieholl\u00e4nder mit Windrose wurde 1741 erbaut und bis 1965 als Getreidem\u00fchle genutzt. In der M\u00fchle sind zwei Schrotg\u00e4nge vorhanden.<\/p>\n<hr \/>\n<div id=\"attachment_387\" style=\"width: 160px\" class=\"wp-caption alignleft\"><a href=\"http:\/\/muehle-schweindorf.holtriem-news.de\/wp-content\/uploads\/2014\/11\/wtm_sju.jpg\"><img loading=\"lazy\" decoding=\"async\" aria-describedby=\"caption-attachment-387\" class=\"wp-image-387 size-thumbnail\" src=\"http:\/\/muehle-schweindorf.holtriem-news.de\/wp-content\/uploads\/2014\/11\/wtm_sju-150x150.jpg\" alt=\"M\u00fchle Sjuts in Wittmund\" width=\"150\" height=\"150\" srcset=\"https:\/\/muehle-schweindorf.holtriem-news.de\/wp-content\/uploads\/2014\/11\/wtm_sju-150x150.jpg 150w, https:\/\/muehle-schweindorf.holtriem-news.de\/wp-content\/uploads\/2014\/11\/wtm_sju-200x200.jpg 200w, https:\/\/muehle-schweindorf.holtriem-news.de\/wp-content\/uploads\/2014\/11\/wtm_sju.jpg 250w\" sizes=\"(max-width: 150px) 100vw, 150px\" \/><\/a><p id=\"caption-attachment-387\" class=\"wp-caption-text\">M\u00fchle Sjuts in Wittmund<\/p><\/div>\n<h3>M\u00fchle &#8222;Sjuts&#8220; Wittmund<\/h3>\n<p>Zweist\u00f6ckiger Galerieholl\u00e4nder in Wittmund an der Auricher Stra\u00dfe, erbaut 1884, in Betrieb bis 1979 als Getreidem\u00fchle. In der M\u00fchle sind ein Schrotgang vorhanden.<\/p>\n<p>Heute wird die M\u00fchle als Restaurant genutzt.<\/p>\n<hr \/>\n<div id=\"attachment_389\" style=\"width: 160px\" class=\"wp-caption alignleft\"><a href=\"http:\/\/muehle-schweindorf.holtriem-news.de\/wp-content\/uploads\/2014\/11\/nennd.jpg\"><img loading=\"lazy\" decoding=\"async\" aria-describedby=\"caption-attachment-389\" class=\"size-thumbnail wp-image-389\" src=\"http:\/\/muehle-schweindorf.holtriem-news.de\/wp-content\/uploads\/2014\/11\/nennd-150x150.jpg\" alt=\"Gallerieholl\u00e4nderwindm\u00fchle Nenndorf\" width=\"150\" height=\"150\" srcset=\"https:\/\/muehle-schweindorf.holtriem-news.de\/wp-content\/uploads\/2014\/11\/nennd-150x150.jpg 150w, https:\/\/muehle-schweindorf.holtriem-news.de\/wp-content\/uploads\/2014\/11\/nennd-200x200.jpg 200w, https:\/\/muehle-schweindorf.holtriem-news.de\/wp-content\/uploads\/2014\/11\/nennd.jpg 250w\" sizes=\"(max-width: 150px) 100vw, 150px\" \/><\/a><p id=\"caption-attachment-389\" class=\"wp-caption-text\">Gallerieholl\u00e4nderwindm\u00fchle Nenndorf<\/p><\/div>\n<div id=\"attachment_426\" style=\"width: 160px\" class=\"wp-caption alignleft\"><a href=\"http:\/\/muehle-schweindorf.holtriem-news.de\/wp-content\/uploads\/2014\/11\/DSC01109__1.jpg\"><img loading=\"lazy\" decoding=\"async\" aria-describedby=\"caption-attachment-426\" class=\"size-thumbnail wp-image-426\" src=\"http:\/\/muehle-schweindorf.holtriem-news.de\/wp-content\/uploads\/2014\/11\/DSC01109__1-150x150.jpg\" alt=\"Luftbild der Nenndorfer M\u00fchle\" width=\"150\" height=\"150\" srcset=\"https:\/\/muehle-schweindorf.holtriem-news.de\/wp-content\/uploads\/2014\/11\/DSC01109__1-150x150.jpg 150w, https:\/\/muehle-schweindorf.holtriem-news.de\/wp-content\/uploads\/2014\/11\/DSC01109__1-200x200.jpg 200w\" sizes=\"(max-width: 150px) 100vw, 150px\" \/><\/a><p id=\"caption-attachment-426\" class=\"wp-caption-text\">Luftbild der Nenndorfer M\u00fchle<\/p><\/div>\n<h3>Galerieholl\u00e4nderm\u00fchle in Nenndorf<\/h3>\n<p>Gastweg 3 in 26556 Nenndorf<\/p>\n<p>Zweist\u00f6ckige Kappenwindm\u00fchle mit Galerie und Windrose, erbaut 1850, mit zwei Schrotg\u00e4ngen und einem Peldegang. Die M\u00fchle wurde bis 1967 mit Wind betrieben.<\/p>\n<hr \/>\n<div id=\"attachment_388\" style=\"width: 160px\" class=\"wp-caption alignleft\"><a href=\"http:\/\/muehle-schweindorf.holtriem-news.de\/wp-content\/uploads\/2014\/11\/fulkum.jpg\"><img loading=\"lazy\" decoding=\"async\" aria-describedby=\"caption-attachment-388\" class=\"wp-image-388 size-thumbnail\" src=\"http:\/\/muehle-schweindorf.holtriem-news.de\/wp-content\/uploads\/2014\/11\/fulkum-150x150.jpg\" alt=\"Johanni-M\u00fchle Fulkum\" width=\"150\" height=\"150\" srcset=\"https:\/\/muehle-schweindorf.holtriem-news.de\/wp-content\/uploads\/2014\/11\/fulkum-150x150.jpg 150w, https:\/\/muehle-schweindorf.holtriem-news.de\/wp-content\/uploads\/2014\/11\/fulkum-200x200.jpg 200w, https:\/\/muehle-schweindorf.holtriem-news.de\/wp-content\/uploads\/2014\/11\/fulkum.jpg 250w\" sizes=\"(max-width: 150px) 100vw, 150px\" \/><\/a><p id=\"caption-attachment-388\" class=\"wp-caption-text\">Johanni-M\u00fchle Fulkum<\/p><\/div>\n<h3>&#8222;Johanni&#8220;-M\u00fchle in Fulkum<\/h3>\n<p>Einst\u00f6ckiger Galerieholl\u00e4nder mit Windrose. Die M\u00fchle wurde bis 1954 als Getreidem\u00fchle betrieben. Im Innern der M\u00fchle befinden sich ein Feinmahlgang, ein Schrotgang und zwei Walzenst\u00fchle.<br \/>\nVom M\u00fcllerhaus f\u00fchrt ein Laufsteg zu M\u00fchle.<\/p>\n<p>Diese M\u00fchle ist am 21. August 2000 abgebrannt.<\/p>\n<hr \/>\n<p>&nbsp;<\/p>\n<div id=\"attachment_405\" style=\"width: 160px\" class=\"wp-caption alignleft\"><a href=\"http:\/\/muehle-schweindorf.holtriem-news.de\/wp-content\/uploads\/2014\/11\/seriem2.jpg\"><img loading=\"lazy\" decoding=\"async\" aria-describedby=\"caption-attachment-405\" class=\"wp-image-405 size-thumbnail\" src=\"http:\/\/muehle-schweindorf.holtriem-news.de\/wp-content\/uploads\/2014\/11\/seriem2-150x150.jpg\" alt=\"seriem2\" width=\"150\" height=\"150\" srcset=\"https:\/\/muehle-schweindorf.holtriem-news.de\/wp-content\/uploads\/2014\/11\/seriem2-150x150.jpg 150w, https:\/\/muehle-schweindorf.holtriem-news.de\/wp-content\/uploads\/2014\/11\/seriem2-200x200.jpg 200w, https:\/\/muehle-schweindorf.holtriem-news.de\/wp-content\/uploads\/2014\/11\/seriem2.jpg 250w\" sizes=\"(max-width: 150px) 100vw, 150px\" \/><\/a><p id=\"caption-attachment-405\" class=\"wp-caption-text\">Galerieholl\u00e4nder in Seriem<\/p><\/div>\n<h3>Galerieholl\u00e4nder in Seriem<\/h3>\n<p>Einst\u00f6ckiger Galerieholl\u00e4nder mit drei Mahlg\u00e4ngen und einem Walzenstuhl, erbaut 1804.<br \/>\nFr\u00fcher war die M\u00fchle mit einem Steert ausger\u00fcstet.<\/p>\n<p>Nach einem Umbau im Jahre 1995 wurde die M\u00fchle mit einer Windrose ausgestattet (Foto).<\/p>\n<hr \/>\n<p>&nbsp;<\/p>\n<div id=\"attachment_406\" style=\"width: 160px\" class=\"wp-caption alignleft\"><a href=\"http:\/\/muehle-schweindorf.holtriem-news.de\/wp-content\/uploads\/2014\/11\/berdum.jpg\"><img loading=\"lazy\" decoding=\"async\" aria-describedby=\"caption-attachment-406\" class=\"size-thumbnail wp-image-406\" src=\"http:\/\/muehle-schweindorf.holtriem-news.de\/wp-content\/uploads\/2014\/11\/berdum-150x150.jpg\" alt=\"Erdholl\u00e4nder in Berdum\" width=\"150\" height=\"150\" srcset=\"https:\/\/muehle-schweindorf.holtriem-news.de\/wp-content\/uploads\/2014\/11\/berdum-150x150.jpg 150w, https:\/\/muehle-schweindorf.holtriem-news.de\/wp-content\/uploads\/2014\/11\/berdum-200x200.jpg 200w, https:\/\/muehle-schweindorf.holtriem-news.de\/wp-content\/uploads\/2014\/11\/berdum.jpg 250w\" sizes=\"(max-width: 150px) 100vw, 150px\" \/><\/a><p id=\"caption-attachment-406\" class=\"wp-caption-text\">Erdholl\u00e4nder in Berdum<\/p><\/div>\n<h3>Erdholl\u00e4nder in Berdum<\/h3>\n<p>Erdholl\u00e4nder mit Steert, wurde bis 1972 als Getreidem\u00fchle genutzt.<br \/>\nDie M\u00fchle verf\u00fcgt \u00fcber zwei Schrotg\u00e4nge und einem Peldegang.<\/p>\n<hr \/>\n<div id=\"attachment_407\" style=\"width: 160px\" class=\"wp-caption alignleft\"><a href=\"http:\/\/muehle-schweindorf.holtriem-news.de\/wp-content\/uploads\/2014\/11\/carolsl.jpg\"><img loading=\"lazy\" decoding=\"async\" aria-describedby=\"caption-attachment-407\" class=\"size-thumbnail wp-image-407\" src=\"http:\/\/muehle-schweindorf.holtriem-news.de\/wp-content\/uploads\/2014\/11\/carolsl-150x150.jpg\" alt=\"Galerieholl\u00e4nder in Carolinensiel\" width=\"150\" height=\"150\" srcset=\"https:\/\/muehle-schweindorf.holtriem-news.de\/wp-content\/uploads\/2014\/11\/carolsl-150x150.jpg 150w, https:\/\/muehle-schweindorf.holtriem-news.de\/wp-content\/uploads\/2014\/11\/carolsl-200x200.jpg 200w, https:\/\/muehle-schweindorf.holtriem-news.de\/wp-content\/uploads\/2014\/11\/carolsl.jpg 250w\" sizes=\"(max-width: 150px) 100vw, 150px\" \/><\/a><p id=\"caption-attachment-407\" class=\"wp-caption-text\">Galerieholl\u00e4nder in Carolinensiel<\/p><\/div>\n<h3>Galerieholl\u00e4nder in Carolienensiel<\/h3>\n<p>Zweist\u00f6ckiger Galerieholl\u00e4nder mit Windrose. Wurde mit Wind bis 1960 als Getreidem\u00fchle betrieben. Heute ist die Mahleinrichtung nicht mehr vorhanden.<\/p>\n<p>Diese M\u00fchle steht direkt auf dem alten Nordseedeich des Sielortes Carolinensiel und diente fr\u00fcher der Seefahrt als Landmarkierung.<\/p>\n<hr \/>\n<p>&nbsp;<\/p>\n<div id=\"attachment_408\" style=\"width: 160px\" class=\"wp-caption alignleft\"><a href=\"http:\/\/muehle-schweindorf.holtriem-news.de\/wp-content\/uploads\/2014\/11\/werdum2.jpg\"><img loading=\"lazy\" decoding=\"async\" aria-describedby=\"caption-attachment-408\" class=\"size-thumbnail wp-image-408\" src=\"http:\/\/muehle-schweindorf.holtriem-news.de\/wp-content\/uploads\/2014\/11\/werdum2-150x150.jpg\" alt=\"Erdholl\u00e4nder in Werdum\" width=\"150\" height=\"150\" srcset=\"https:\/\/muehle-schweindorf.holtriem-news.de\/wp-content\/uploads\/2014\/11\/werdum2-150x150.jpg 150w, https:\/\/muehle-schweindorf.holtriem-news.de\/wp-content\/uploads\/2014\/11\/werdum2-200x200.jpg 200w, https:\/\/muehle-schweindorf.holtriem-news.de\/wp-content\/uploads\/2014\/11\/werdum2.jpg 250w\" sizes=\"(max-width: 150px) 100vw, 150px\" \/><\/a><p id=\"caption-attachment-408\" class=\"wp-caption-text\">Erdholl\u00e4nder in Werdum<\/p><\/div>\n<div id=\"attachment_427\" style=\"width: 160px\" class=\"wp-caption alignleft\"><a href=\"http:\/\/muehle-schweindorf.holtriem-news.de\/wp-content\/uploads\/2014\/11\/DSC03627.jpg\"><img loading=\"lazy\" decoding=\"async\" aria-describedby=\"caption-attachment-427\" class=\"wp-image-427 size-thumbnail\" src=\"http:\/\/muehle-schweindorf.holtriem-news.de\/wp-content\/uploads\/2014\/11\/DSC03627-150x150.jpg\" alt=\"DSC03627\" width=\"150\" height=\"150\" srcset=\"https:\/\/muehle-schweindorf.holtriem-news.de\/wp-content\/uploads\/2014\/11\/DSC03627-150x150.jpg 150w, https:\/\/muehle-schweindorf.holtriem-news.de\/wp-content\/uploads\/2014\/11\/DSC03627-200x200.jpg 200w\" sizes=\"(max-width: 150px) 100vw, 150px\" \/><\/a><p id=\"caption-attachment-427\" class=\"wp-caption-text\">Luftbild der M\u00fchle Werdum<\/p><\/div>\n<h3>Erdholl\u00e4nder in Werdum<\/h3>\n<p>Dieser Erdholl\u00e4nder mit Steert wurde als Getreidem\u00fchle bis 1971 betrieben<br \/>\n(mit Wind bis 1960) und verf\u00fcgt \u00fcber zwei Mahlg\u00e4nge.<\/p>\n<p>&nbsp;<\/p>\n<hr \/>\n<div id=\"attachment_409\" style=\"width: 160px\" class=\"wp-caption alignleft\"><a href=\"http:\/\/muehle-schweindorf.holtriem-news.de\/wp-content\/uploads\/2014\/11\/alfunix.jpg\"><img loading=\"lazy\" decoding=\"async\" aria-describedby=\"caption-attachment-409\" class=\"size-thumbnail wp-image-409\" src=\"http:\/\/muehle-schweindorf.holtriem-news.de\/wp-content\/uploads\/2014\/11\/alfunix-150x150.jpg\" alt=\"Erdholl\u00e4nder in Altfunnixsiel\" width=\"150\" height=\"150\" srcset=\"https:\/\/muehle-schweindorf.holtriem-news.de\/wp-content\/uploads\/2014\/11\/alfunix-150x150.jpg 150w, https:\/\/muehle-schweindorf.holtriem-news.de\/wp-content\/uploads\/2014\/11\/alfunix-200x200.jpg 200w, https:\/\/muehle-schweindorf.holtriem-news.de\/wp-content\/uploads\/2014\/11\/alfunix.jpg 250w\" sizes=\"(max-width: 150px) 100vw, 150px\" \/><\/a><p id=\"caption-attachment-409\" class=\"wp-caption-text\">Erdholl\u00e4nder in Altfunnixsiel<\/p><\/div>\n<h3>Erdholl\u00e4nder in Altfunixsiel<\/h3>\n<p>Der Erdholl\u00e4nder in Altfunixsiel nahe der &#8218;Harle&#8216; wurde 1802 erbaut und war bis 1972 als Getreidem\u00fchle in Betrieb.<br \/>\nIn der M\u00fchle befinden sich ein Feinmahlgang und ein Schrotgang.<\/p>\n<hr \/>\n<div id=\"attachment_410\" style=\"width: 160px\" class=\"wp-caption alignleft\"><a href=\"http:\/\/muehle-schweindorf.holtriem-news.de\/wp-content\/uploads\/2014\/11\/ese2.jpg\"><img loading=\"lazy\" decoding=\"async\" aria-describedby=\"caption-attachment-410\" class=\"size-thumbnail wp-image-410\" src=\"http:\/\/muehle-schweindorf.holtriem-news.de\/wp-content\/uploads\/2014\/11\/ese2-150x150.jpg\" alt=\"Peldem\u00fchle Esens\" width=\"150\" height=\"150\" srcset=\"https:\/\/muehle-schweindorf.holtriem-news.de\/wp-content\/uploads\/2014\/11\/ese2-150x150.jpg 150w, https:\/\/muehle-schweindorf.holtriem-news.de\/wp-content\/uploads\/2014\/11\/ese2-200x200.jpg 200w\" sizes=\"(max-width: 150px) 100vw, 150px\" \/><\/a><p id=\"caption-attachment-410\" class=\"wp-caption-text\">Peldem\u00fchle Esens<\/p><\/div>\n<h3><\/h3>\n<div id=\"attachment_428\" style=\"width: 160px\" class=\"wp-caption alignleft\"><a href=\"http:\/\/muehle-schweindorf.holtriem-news.de\/wp-content\/uploads\/2014\/11\/JAL_2616_.jpg\"><img loading=\"lazy\" decoding=\"async\" aria-describedby=\"caption-attachment-428\" class=\"wp-image-428 size-thumbnail\" src=\"http:\/\/muehle-schweindorf.holtriem-news.de\/wp-content\/uploads\/2014\/11\/JAL_2616_-150x150.jpg\" alt=\"JAL_2616_\" width=\"150\" height=\"150\" srcset=\"https:\/\/muehle-schweindorf.holtriem-news.de\/wp-content\/uploads\/2014\/11\/JAL_2616_-150x150.jpg 150w, https:\/\/muehle-schweindorf.holtriem-news.de\/wp-content\/uploads\/2014\/11\/JAL_2616_-200x200.jpg 200w\" sizes=\"(max-width: 150px) 100vw, 150px\" \/><\/a><p id=\"caption-attachment-428\" class=\"wp-caption-text\">Peldem\u00fchle Esens<\/p><\/div>\n<h3>&#8222;Peldem\u00fchle&#8220; Esens<\/h3>\n<p>Der zweist\u00f6ckige Galerieholl\u00e4nder wurde 1850 erbaut und wurde als Getreidem\u00fchle genutzt.<br \/>\nDie M\u00fchle war mit zwei Mahlg\u00e4ngen und einem Peldegang ausgestattet. Betrieben wurde die M\u00fchle vermutlich bis 1952.<\/p>\n<p>Heute befindet sich in der den R\u00e4umen der M\u00fchle das Esenser Heimatmuseum.<\/p>\n<p>&nbsp;<\/p>\n<hr \/>\n<p>&nbsp;<\/p>\n<p>&nbsp;<\/p>\n","protected":false},"excerpt":{"rendered":"<p>&#8222;Peldem\u00fchle&#8220; in Wittmund Esenser Stra\u00dfe 14, 26409 Wittmund Der einst\u00f6ckiger Galerieholl\u00e4nder mit Windrose wurde 1741 erbaut und bis 1965 als Getreidem\u00fchle genutzt. In der M\u00fchle sind zwei Schrotg\u00e4nge vorhanden. M\u00fchle\u2026<\/p>\n<p> <a class=\"continue-reading-link\" href=\"https:\/\/muehle-schweindorf.holtriem-news.de\/?page_id=385\"><span>Weiterlesen<\/span><i class=\"crycon-right-dir\"><\/i><\/a> <\/p>\n","protected":false},"author":1,"featured_media":0,"parent":228,"menu_order":0,"comment_status":"closed","ping_status":"open","template":"","meta":{"footnotes":""},"_links":{"self":[{"href":"https:\/\/muehle-schweindorf.holtriem-news.de\/index.php?rest_route=\/wp\/v2\/pages\/385"}],"collection":[{"href":"https:\/\/muehle-schweindorf.holtriem-news.de\/index.php?rest_route=\/wp\/v2\/pages"}],"about":[{"href":"https:\/\/muehle-schweindorf.holtriem-news.de\/index.php?rest_route=\/wp\/v2\/types\/page"}],"author":[{"embeddable":true,"href":"https:\/\/muehle-schweindorf.holtriem-news.de\/index.php?rest_route=\/wp\/v2\/users\/1"}],"replies":[{"embeddable":true,"href":"https:\/\/muehle-schweindorf.holtriem-news.de\/index.php?rest_route=%2Fwp%2Fv2%2Fcomments&post=385"}],"version-history":[{"count":5,"href":"https:\/\/muehle-schweindorf.holtriem-news.de\/index.php?rest_route=\/wp\/v2\/pages\/385\/revisions"}],"predecessor-version":[{"id":648,"href":"https:\/\/muehle-schweindorf.holtriem-news.de\/index.php?rest_route=\/wp\/v2\/pages\/385\/revisions\/648"}],"up":[{"embeddable":true,"href":"https:\/\/muehle-schweindorf.holtriem-news.de\/index.php?rest_route=\/wp\/v2\/pages\/228"}],"wp:attachment":[{"href":"https:\/\/muehle-schweindorf.holtriem-news.de\/index.php?rest_route=%2Fwp%2Fv2%2Fmedia&parent=385"}],"curies":[{"name":"wp","href":"https:\/\/api.w.org\/{rel}","templated":true}]}}